{"id":13809,"date":"2021-04-14T15:02:53","date_gmt":"2021-04-14T12:02:53","guid":{"rendered":"http:\/\/www.artnivo.com\/proje-sergi\/uncategorized\/kendi-isine-bakan-denizalti\/"},"modified":"2021-10-18T10:32:03","modified_gmt":"2021-10-18T07:32:03","slug":"thesubmarinethatmindsitsownbusiness","status":"publish","type":"etheme_portfolio","link":"https:\/\/www.artnivo.com\/en\/proje-sergi\/online-exhibition\/thesubmarinethatmindsitsownbusiness\/","title":{"rendered":"The submarine that minds its own business"},"content":{"rendered":"<p><strong>24.11 &#8211; 09.12.2016<\/strong><\/p>\n<p><strong>Curator:\u00a0Ezel Akay<\/strong><\/p>\n<p>&nbsp;<\/p>\n<p>Deniz Ayral possesses a \u201ccreative engine\u201d that operates with obstinacy, desire, intolerance, sincerity and conscience! He&#8217;s the most prolific, \u201chardworking\u201d, independent artist I know; an artist who defends his freedom in a \u201cstingy\u201d way, works far away and alone, forgets that he hates loneliness and \u201cminds his own business\u201d.<\/p>\n<p>Those who have acquired his paintings still live with those paintings on their walls. I think the relationship he establishes with the soul and the subconsciousness of viewers results from his successful attempt at an \u201cobsessive connection\u201d.<\/p>\n<p>His series \u201cAfter Me, The Deluge\u201d, \u201cThere&#8217;s a Mass in My Brain\u201d and \u201cLost Time\u201d have something in common: they move! Each painting implies the events before and after the moment it depicts: Moving Pictures!<\/p>\n<p>Deniz Ayral is the painter of subconscious raised to the level of the conscious; he&#8217;s the painter of nonsense, impressions, irony, phantasm and \u201cthe future in the past\u201d. Subconsciousness can sometimes be seen as a \u201cnovel of secret life\u201d which follows, like a shadow, individuals submerged in their lives, and which is accessible usually only to artists, and sometimes to psychology.<\/p>\n<p>Ayral creates paintings, collages, digital paintings and \u201cretouched photos\u201d with a magical awareness of his subconscious. The works create a conceptual space with their names and attempt to reach the word-free domain of philosophy. Therefore we should call all his works \u201cSUBMARINES\u201d!<br \/>\nLet&#8217;s see which adventures await our protagonist!<\/p>\n<p><strong>Ezel Akay<\/strong><\/p>\n","protected":false},"excerpt":{"rendered":"<p>24.11 &#8211; 09.12.2016 Curator:\u00a0Ezel Akay &nbsp; Deniz Ayral possesses a \u201ccreative engine\u201d that operates with obstinacy, desire, intolerance, sincerity and conscience! He&#8217;s the most prolific,&#8230;<\/p>\n","protected":false},"author":1,"featured_media":12241,"template":"","meta":{"_thumbnail_id":["12241"],"_wp_old_slug":["kendi-isine-bakan-denizalti"],"sanatci_1_adres":[""],"sanatci_2_adres":[""],"sanatci_3_adres":[""],"sanatci_4_adres":[""],"sanatci_5_adres":[""],"sanatci_6_adres":[""],"sanatci_7_adres":[""],"_wp_page_template":["default"],"_galeri":["field_607080346c383"],"eserleri_goster":["Hay\u0131r"],"_eserleri_goster":["field_6076b9061dd57"],"sanatci_1_isim":[""],"_sanatci_1_isim":["field_607080ab54c9b"],"_sanatci_1_adres":["field_607080d354c9c"],"sanatci_1_eser_gorseli":[""],"_sanatci_1_eser_gorseli":["field_6070810054c9d"],"sanatci_2_isim":[""],"_sanatci_2_isim":["field_6070869135d30"],"_sanatci_2_adres":["field_607086aa35d31"],"sanatci_2_eser_gorseli":[""],"_sanatci_2_eser_gorseli":["field_607086c535d32"],"_wpml_media_featured":["1"],"_wpml_media_duplicate":["1"],"_last_translation_edit_mode":["translation-editor"],"_wp_attachment_metadata":[""],"_wpml_word_count":["{\"total\":255,\"to_translate\":{\"tr\":255}}"],"galeri":["a:18:{i:0;i:12240;i:1;i:12239;i:2;i:12238;i:3;i:12237;i:4;i:12236;i:5;i:12235;i:6;i:12234;i:7;i:12233;i:8;i:12232;i:9;i:12231;i:10;i:12230;i:11;i:12229;i:12;i:12228;i:13;i:12227;i:14;i:12226;i:15;i:12225;i:16;i:12224;i:17;i:12223;}"]},"etheme_portfolio_category":[692],"class_list":["post-13809","etheme_portfolio","type-etheme_portfolio","status-publish","has-post-thumbnail","hentry","portfolio_category-online-exhibition"],"acf":[],"image":{"id":12241,"src":"https:\/\/www.artnivo.com\/wp-content\/uploads\/2021\/04\/ayral.jpg","alt":[],"title":"ayral","caption":"","description":""},"yoast_head":"<!-- This site is optimized with the Yoast SEO plugin v23.4 - https:\/\/yoast.com\/wordpress\/plugins\/seo\/ -->\n<title>The submarine that minds its own business | artnivo<\/title>\n<meta name=\"description\" content=\"artnivo.com taraf\u0131ndan d\u00fczenlenen The submarine that minds its own business ba\u015fl\u0131kl\u0131 online sergiyi gezmek i\u00e7in t\u0131klay\u0131n.\" \/>\n<meta name=\"robots\" content=\"index, follow, max-snippet:-1, max-image-preview:large, max-video-preview:-1\" \/>\n<link rel=\"canonical\" href=\"https:\/\/www.artnivo.com\/en\/proje-sergi\/online-exhibition\/thesubmarinethatmindsitsownbusiness\/\" \/>\n<meta property=\"og:locale\" content=\"en_US\" \/>\n<meta property=\"og:type\" content=\"article\" \/>\n<meta property=\"og:title\" content=\"The submarine that minds its own business | artnivo\" \/>\n<meta property=\"og:description\" content=\"artnivo.com taraf\u0131ndan d\u00fczenlenen The submarine that minds its own business ba\u015fl\u0131kl\u0131 online sergiyi gezmek i\u00e7in t\u0131klay\u0131n.\" \/>\n<meta property=\"og:url\" content=\"https:\/\/www.artnivo.com\/en\/proje-sergi\/online-exhibition\/thesubmarinethatmindsitsownbusiness\/\" \/>\n<meta property=\"og:site_name\" content=\"artnivo\" \/>\n<meta property=\"article:publisher\" content=\"https:\/\/www.facebook.com\/artnivocom\" \/>\n<meta property=\"article:modified_time\" content=\"2021-10-18T07:32:03+00:00\" \/>\n<meta property=\"og:image\" content=\"https:\/\/www.artnivo.com\/wp-content\/uploads\/2021\/04\/ayral.jpg\" \/>\n\t<meta property=\"og:image:width\" content=\"1550\" \/>\n\t<meta property=\"og:image:height\" content=\"1168\" \/>\n\t<meta property=\"og:image:type\" content=\"image\/jpeg\" \/>\n<meta name=\"twitter:card\" content=\"summary_large_image\" \/>\n<meta name=\"twitter:site\" content=\"@artnivocom\" \/>\n<meta name=\"twitter:label1\" content=\"Est. reading time\" \/>\n\t<meta name=\"twitter:data1\" content=\"1 minute\" \/>\n<script type=\"application\/ld+json\" class=\"yoast-schema-graph\">{\"@context\":\"https:\/\/schema.org\",\"@graph\":[{\"@type\":\"WebPage\",\"@id\":\"https:\/\/www.artnivo.com\/en\/proje-sergi\/online-exhibition\/thesubmarinethatmindsitsownbusiness\/\",\"url\":\"https:\/\/www.artnivo.com\/en\/proje-sergi\/online-exhibition\/thesubmarinethatmindsitsownbusiness\/\",\"name\":\"The submarine that minds its own business | artnivo\",\"isPartOf\":{\"@id\":\"https:\/\/www.artnivo.com\/#website\"},\"primaryImageOfPage\":{\"@id\":\"https:\/\/www.artnivo.com\/en\/proje-sergi\/online-exhibition\/thesubmarinethatmindsitsownbusiness\/#primaryimage\"},\"image\":{\"@id\":\"https:\/\/www.artnivo.com\/en\/proje-sergi\/online-exhibition\/thesubmarinethatmindsitsownbusiness\/#primaryimage\"},\"thumbnailUrl\":\"https:\/\/www.artnivo.com\/wp-content\/uploads\/2021\/04\/ayral.jpg\",\"datePublished\":\"2021-04-14T12:02:53+00:00\",\"dateModified\":\"2021-10-18T07:32:03+00:00\",\"description\":\"artnivo.com taraf\u0131ndan d\u00fczenlenen The submarine that minds its own business ba\u015fl\u0131kl\u0131 online sergiyi gezmek i\u00e7in t\u0131klay\u0131n.\",\"breadcrumb\":{\"@id\":\"https:\/\/www.artnivo.com\/en\/proje-sergi\/online-exhibition\/thesubmarinethatmindsitsownbusiness\/#breadcrumb\"},\"inLanguage\":\"en-US\",\"potentialAction\":[{\"@type\":\"ReadAction\",\"target\":[\"https:\/\/www.artnivo.com\/en\/proje-sergi\/online-exhibition\/thesubmarinethatmindsitsownbusiness\/\"]}]},{\"@type\":\"ImageObject\",\"inLanguage\":\"en-US\",\"@id\":\"https:\/\/www.artnivo.com\/en\/proje-sergi\/online-exhibition\/thesubmarinethatmindsitsownbusiness\/#primaryimage\",\"url\":\"https:\/\/www.artnivo.com\/wp-content\/uploads\/2021\/04\/ayral.jpg\",\"contentUrl\":\"https:\/\/www.artnivo.com\/wp-content\/uploads\/2021\/04\/ayral.jpg\",\"width\":1550,\"height\":1168},{\"@type\":\"BreadcrumbList\",\"@id\":\"https:\/\/www.artnivo.com\/en\/proje-sergi\/online-exhibition\/thesubmarinethatmindsitsownbusiness\/#breadcrumb\",\"itemListElement\":[{\"@type\":\"ListItem\",\"position\":1,\"name\":\"Anasayfa\",\"item\":\"http:\/\/www.artnivo.com\/en\/\"},{\"@type\":\"ListItem\",\"position\":2,\"name\":\"The submarine that minds its own business\"}]},{\"@type\":\"WebSite\",\"@id\":\"https:\/\/www.artnivo.com\/#website\",\"url\":\"https:\/\/www.artnivo.com\/\",\"name\":\"artnivo\",\"description\":\"\",\"publisher\":{\"@id\":\"https:\/\/www.artnivo.com\/#organization\"},\"potentialAction\":[{\"@type\":\"SearchAction\",\"target\":{\"@type\":\"EntryPoint\",\"urlTemplate\":\"https:\/\/www.artnivo.com\/?s={search_term_string}\"},\"query-input\":{\"@type\":\"PropertyValueSpecification\",\"valueRequired\":true,\"valueName\":\"search_term_string\"}}],\"inLanguage\":\"en-US\"},{\"@type\":\"Organization\",\"@id\":\"https:\/\/www.artnivo.com\/#organization\",\"name\":\"artnivo\",\"url\":\"https:\/\/www.artnivo.com\/\",\"logo\":{\"@type\":\"ImageObject\",\"inLanguage\":\"en-US\",\"@id\":\"https:\/\/www.artnivo.com\/#\/schema\/logo\/image\/\",\"url\":\"http:\/\/www.artnivo.com\/wp-content\/uploads\/2021\/05\/artnivokare.jpg\",\"contentUrl\":\"http:\/\/www.artnivo.com\/wp-content\/uploads\/2021\/05\/artnivokare.jpg\",\"width\":750,\"height\":750,\"caption\":\"artnivo\"},\"image\":{\"@id\":\"https:\/\/www.artnivo.com\/#\/schema\/logo\/image\/\"},\"sameAs\":[\"https:\/\/www.facebook.com\/artnivocom\",\"https:\/\/x.com\/artnivocom\",\"http:\/\/instagram.com\/artnivocom\/\",\"https:\/\/www.pinterest.com\/artnivocom\/\",\"https:\/\/www.youtube.com\/channel\/UC__bxk2hs4IZ4NiD1Bg4J9w\"]}]}<\/script>\n<!-- \/ Yoast SEO plugin. -->","yoast_head_json":{"title":"The submarine that minds its own business | artnivo","description":"artnivo.com taraf\u0131ndan d\u00fczenlenen The submarine that minds its own business ba\u015fl\u0131kl\u0131 online sergiyi gezmek i\u00e7in t\u0131klay\u0131n.","robots":{"index":"index","follow":"follow","max-snippet":"max-snippet:-1","max-image-preview":"max-image-preview:large","max-video-preview":"max-video-preview:-1"},"canonical":"https:\/\/www.artnivo.com\/en\/proje-sergi\/online-exhibition\/thesubmarinethatmindsitsownbusiness\/","og_locale":"en_US","og_type":"article","og_title":"The submarine that minds its own business | artnivo","og_description":"artnivo.com taraf\u0131ndan d\u00fczenlenen The submarine that minds its own business ba\u015fl\u0131kl\u0131 online sergiyi gezmek i\u00e7in t\u0131klay\u0131n.","og_url":"https:\/\/www.artnivo.com\/en\/proje-sergi\/online-exhibition\/thesubmarinethatmindsitsownbusiness\/","og_site_name":"artnivo","article_publisher":"https:\/\/www.facebook.com\/artnivocom","article_modified_time":"2021-10-18T07:32:03+00:00","og_image":[{"width":1550,"height":1168,"url":"https:\/\/www.artnivo.com\/wp-content\/uploads\/2021\/04\/ayral.jpg","type":"image\/jpeg"}],"twitter_card":"summary_large_image","twitter_site":"@artnivocom","twitter_misc":{"Est. reading time":"1 minute"},"schema":{"@context":"https:\/\/schema.org","@graph":[{"@type":"WebPage","@id":"https:\/\/www.artnivo.com\/en\/proje-sergi\/online-exhibition\/thesubmarinethatmindsitsownbusiness\/","url":"https:\/\/www.artnivo.com\/en\/proje-sergi\/online-exhibition\/thesubmarinethatmindsitsownbusiness\/","name":"The submarine that minds its own business | artnivo","isPartOf":{"@id":"https:\/\/www.artnivo.com\/#website"},"primaryImageOfPage":{"@id":"https:\/\/www.artnivo.com\/en\/proje-sergi\/online-exhibition\/thesubmarinethatmindsitsownbusiness\/#primaryimage"},"image":{"@id":"https:\/\/www.artnivo.com\/en\/proje-sergi\/online-exhibition\/thesubmarinethatmindsitsownbusiness\/#primaryimage"},"thumbnailUrl":"https:\/\/www.artnivo.com\/wp-content\/uploads\/2021\/04\/ayral.jpg","datePublished":"2021-04-14T12:02:53+00:00","dateModified":"2021-10-18T07:32:03+00:00","description":"artnivo.com taraf\u0131ndan d\u00fczenlenen The submarine that minds its own business ba\u015fl\u0131kl\u0131 online sergiyi gezmek i\u00e7in t\u0131klay\u0131n.","breadcrumb":{"@id":"https:\/\/www.artnivo.com\/en\/proje-sergi\/online-exhibition\/thesubmarinethatmindsitsownbusiness\/#breadcrumb"},"inLanguage":"en-US","potentialAction":[{"@type":"ReadAction","target":["https:\/\/www.artnivo.com\/en\/proje-sergi\/online-exhibition\/thesubmarinethatmindsitsownbusiness\/"]}]},{"@type":"ImageObject","inLanguage":"en-US","@id":"https:\/\/www.artnivo.com\/en\/proje-sergi\/online-exhibition\/thesubmarinethatmindsitsownbusiness\/#primaryimage","url":"https:\/\/www.artnivo.com\/wp-content\/uploads\/2021\/04\/ayral.jpg","contentUrl":"https:\/\/www.artnivo.com\/wp-content\/uploads\/2021\/04\/ayral.jpg","width":1550,"height":1168},{"@type":"BreadcrumbList","@id":"https:\/\/www.artnivo.com\/en\/proje-sergi\/online-exhibition\/thesubmarinethatmindsitsownbusiness\/#breadcrumb","itemListElement":[{"@type":"ListItem","position":1,"name":"Anasayfa","item":"http:\/\/www.artnivo.com\/en\/"},{"@type":"ListItem","position":2,"name":"The submarine that minds its own business"}]},{"@type":"WebSite","@id":"https:\/\/www.artnivo.com\/#website","url":"https:\/\/www.artnivo.com\/","name":"artnivo","description":"","publisher":{"@id":"https:\/\/www.artnivo.com\/#organization"},"potentialAction":[{"@type":"SearchAction","target":{"@type":"EntryPoint","urlTemplate":"https:\/\/www.artnivo.com\/?s={search_term_string}"},"query-input":{"@type":"PropertyValueSpecification","valueRequired":true,"valueName":"search_term_string"}}],"inLanguage":"en-US"},{"@type":"Organization","@id":"https:\/\/www.artnivo.com\/#organization","name":"artnivo","url":"https:\/\/www.artnivo.com\/","logo":{"@type":"ImageObject","inLanguage":"en-US","@id":"https:\/\/www.artnivo.com\/#\/schema\/logo\/image\/","url":"http:\/\/www.artnivo.com\/wp-content\/uploads\/2021\/05\/artnivokare.jpg","contentUrl":"http:\/\/www.artnivo.com\/wp-content\/uploads\/2021\/05\/artnivokare.jpg","width":750,"height":750,"caption":"artnivo"},"image":{"@id":"https:\/\/www.artnivo.com\/#\/schema\/logo\/image\/"},"sameAs":["https:\/\/www.facebook.com\/artnivocom","https:\/\/x.com\/artnivocom","http:\/\/instagram.com\/artnivocom\/","https:\/\/www.pinterest.com\/artnivocom\/","https:\/\/www.youtube.com\/channel\/UC__bxk2hs4IZ4NiD1Bg4J9w"]}]}},"_links":{"self":[{"href":"https:\/\/www.artnivo.com\/en\/wp-json\/wp\/v2\/etheme_portfolio\/13809","targetHints":{"allow":["GET"]}}],"collection":[{"href":"https:\/\/www.artnivo.com\/en\/wp-json\/wp\/v2\/etheme_portfolio"}],"about":[{"href":"https:\/\/www.artnivo.com\/en\/wp-json\/wp\/v2\/types\/etheme_portfolio"}],"author":[{"embeddable":true,"href":"https:\/\/www.artnivo.com\/en\/wp-json\/wp\/v2\/users\/1"}],"version-history":[{"count":1,"href":"https:\/\/www.artnivo.com\/en\/wp-json\/wp\/v2\/etheme_portfolio\/13809\/revisions"}],"predecessor-version":[{"id":15225,"href":"https:\/\/www.artnivo.com\/en\/wp-json\/wp\/v2\/etheme_portfolio\/13809\/revisions\/15225"}],"wp:featuredmedia":[{"embeddable":true,"href":"https:\/\/www.artnivo.com\/en\/wp-json\/wp\/v2\/media\/12241"}],"wp:attachment":[{"href":"https:\/\/www.artnivo.com\/en\/wp-json\/wp\/v2\/media?parent=13809"}],"wp:term":[{"taxonomy":"portfolio_category","embeddable":true,"href":"https:\/\/www.artnivo.com\/en\/wp-json\/wp\/v2\/etheme_portfolio_category?post=13809"}],"curies":[{"name":"wp","href":"https:\/\/api.w.org\/{rel}","templated":true}]}}