{"id":13812,"date":"2021-04-14T14:23:39","date_gmt":"2021-04-14T11:23:39","guid":{"rendered":"http:\/\/www.artnivo.com\/proje-sergi\/uncategorized\/fotograf-bir-kani-degildir-yoksa-oyle-midir\/"},"modified":"2021-10-18T10:32:05","modified_gmt":"2021-10-18T07:32:05","slug":"aphotographisnotanopinionorisit","status":"publish","type":"etheme_portfolio","link":"https:\/\/www.artnivo.com\/en\/proje-sergi\/online-exhibition\/aphotographisnotanopinionorisit\/","title":{"rendered":"A photograph is not an opinion. Or is it?"},"content":{"rendered":"<p><strong>05.01.2016 &#8211; 06.03.2016<\/strong><\/p>\n<p><strong>Melis Terzio\u011flu&#8217;s Selection<\/strong><\/p>\n<p>&nbsp;<\/p>\n<p>A photograph is not an opinion. Or is it? *<br \/>\nPhotography is still treated as the stepchild among the various branches of visual art. We can all play at being \u201cphotographers\u201d in this age that we all have digital cameras or to be even more on point, cameraphones, and access to all kinds of Photoshop and Instagram filters. Each of us carries within Instagram-celebrity potential or, at least, is made to believe so. In an age where an \u201canyone can do that\u201d sensibility prevails and people think they immortalize what they see with a click when they actually consume it in an instant, we need photography as an art now more than ever.<\/p>\n<p>Photography\u2019s modest journey that began with the infixing of the image in the viewfinder or, in classical terms, \u201cfreezing the moment\u201d, has today assumed quite different dimensions. It stretches into the ability to create a \u201creality\u201d that no longer exists. Out of this small selection, we prefer to refer to both Nazif Topcuo\u011flu or Ali Bilge Akkaya, who only use the medium of photography, and Volkan Aslan or Kerem Ozan Bayraktar, whose methods encompass various mediums such as sculpture, video, and neon as well as photography, as artists rather than photographers. Each person included here has capabilities such as transforming, creating, bringing out of nonexistence and appropriating the \u201cmoment\u201d, which set their work apart from Instagram or safari photographs. Taking a step, inch by inch, towards discovering all these ideas, is enough to take us on a spectacular visual and mental journey. I hope this selection offers the chance to open the door on the journey if only a little. <\/p>\n<p>*On Photography by Susan Sontag, ISBN: 0385267061 <\/p>\n<p>&nbsp;<\/p>\n<p><strong>Melis Terzio\u011flu<\/strong><\/p>\n","protected":false},"excerpt":{"rendered":"<p>05.01.2016 &#8211; 06.03.2016 Melis Terzio\u011flu&#8217;s Selection &nbsp; A photograph is not an opinion. Or is it? * Photography is still treated as the stepchild among&#8230;<\/p>\n","protected":false},"author":1,"featured_media":12201,"template":"","meta":{"_thumbnail_id":["12201"],"_wp_old_slug":["fotograf-bir-kani-degildir-yoksa-oyle-midir"],"sanatci_1_adres":[""],"sanatci_2_adres":[""],"sanatci_3_adres":[""],"sanatci_4_adres":[""],"sanatci_5_adres":[""],"sanatci_6_adres":[""],"sanatci_7_adres":[""],"_wp_page_template":["default"],"_galeri":["field_607080346c383"],"eserleri_goster":["Hay\u0131r"],"_eserleri_goster":["field_6076b9061dd57"],"sanatci_1_isim":[""],"_sanatci_1_isim":["field_607080ab54c9b"],"_sanatci_1_adres":["field_607080d354c9c"],"sanatci_1_eser_gorseli":[""],"_sanatci_1_eser_gorseli":["field_6070810054c9d"],"sanatci_2_isim":[""],"_sanatci_2_isim":["field_6070869135d30"],"_sanatci_2_adres":["field_607086aa35d31"],"sanatci_2_eser_gorseli":[""],"_sanatci_2_eser_gorseli":["field_607086c535d32"],"_wpml_media_featured":["1"],"_wpml_media_duplicate":["1"],"_last_translation_edit_mode":["translation-editor"],"_wp_attachment_metadata":[""],"_wpml_word_count":["{\"total\":305,\"to_translate\":{\"tr\":305}}"],"galeri":["a:14:{i:0;i:12200;i:1;i:12199;i:2;i:12198;i:3;i:12197;i:4;i:12196;i:5;i:12195;i:6;i:12194;i:7;i:12193;i:8;i:12192;i:9;i:12191;i:10;i:12190;i:11;i:12189;i:12;i:12188;i:13;i:12187;}"]},"etheme_portfolio_category":[692],"class_list":["post-13812","etheme_portfolio","type-etheme_portfolio","status-publish","has-post-thumbnail","hentry","portfolio_category-online-exhibition"],"acf":[],"image":{"id":12201,"src":"https:\/\/www.artnivo.com\/wp-content\/uploads\/2021\/04\/ana-1.jpg","alt":[],"title":"ana","caption":"","description":""},"yoast_head":"<!-- This site is optimized with the Yoast SEO plugin v23.4 - https:\/\/yoast.com\/wordpress\/plugins\/seo\/ -->\n<title>A photograph is not an opinion. Or is it? | artnivo<\/title>\n<meta name=\"description\" content=\"artnivo.com taraf\u0131ndan d\u00fczenlenen A photograph is not an opinion. Or is it? ba\u015fl\u0131kl\u0131 online sergiyi gezmek i\u00e7in t\u0131klay\u0131n.\" \/>\n<meta name=\"robots\" content=\"index, follow, max-snippet:-1, max-image-preview:large, max-video-preview:-1\" \/>\n<link rel=\"canonical\" href=\"https:\/\/www.artnivo.com\/en\/proje-sergi\/online-exhibition\/aphotographisnotanopinionorisit\/\" \/>\n<meta property=\"og:locale\" content=\"en_US\" \/>\n<meta property=\"og:type\" content=\"article\" \/>\n<meta property=\"og:title\" content=\"A photograph is not an opinion. Or is it? | artnivo\" \/>\n<meta property=\"og:description\" content=\"artnivo.com taraf\u0131ndan d\u00fczenlenen A photograph is not an opinion. Or is it? ba\u015fl\u0131kl\u0131 online sergiyi gezmek i\u00e7in t\u0131klay\u0131n.\" \/>\n<meta property=\"og:url\" content=\"https:\/\/www.artnivo.com\/en\/proje-sergi\/online-exhibition\/aphotographisnotanopinionorisit\/\" \/>\n<meta property=\"og:site_name\" content=\"artnivo\" \/>\n<meta property=\"article:publisher\" content=\"https:\/\/www.facebook.com\/artnivocom\" \/>\n<meta property=\"article:modified_time\" content=\"2021-10-18T07:32:05+00:00\" \/>\n<meta property=\"og:image\" content=\"https:\/\/www.artnivo.com\/wp-content\/uploads\/2021\/04\/ana-1.jpg\" \/>\n\t<meta property=\"og:image:width\" content=\"1500\" \/>\n\t<meta property=\"og:image:height\" content=\"760\" \/>\n\t<meta property=\"og:image:type\" content=\"image\/jpeg\" \/>\n<meta name=\"twitter:card\" content=\"summary_large_image\" \/>\n<meta name=\"twitter:site\" content=\"@artnivocom\" \/>\n<meta name=\"twitter:label1\" content=\"Est. reading time\" \/>\n\t<meta name=\"twitter:data1\" content=\"1 minute\" \/>\n<script type=\"application\/ld+json\" class=\"yoast-schema-graph\">{\"@context\":\"https:\/\/schema.org\",\"@graph\":[{\"@type\":\"WebPage\",\"@id\":\"https:\/\/www.artnivo.com\/en\/proje-sergi\/online-exhibition\/aphotographisnotanopinionorisit\/\",\"url\":\"https:\/\/www.artnivo.com\/en\/proje-sergi\/online-exhibition\/aphotographisnotanopinionorisit\/\",\"name\":\"A photograph is not an opinion. Or is it? | artnivo\",\"isPartOf\":{\"@id\":\"https:\/\/www.artnivo.com\/#website\"},\"primaryImageOfPage\":{\"@id\":\"https:\/\/www.artnivo.com\/en\/proje-sergi\/online-exhibition\/aphotographisnotanopinionorisit\/#primaryimage\"},\"image\":{\"@id\":\"https:\/\/www.artnivo.com\/en\/proje-sergi\/online-exhibition\/aphotographisnotanopinionorisit\/#primaryimage\"},\"thumbnailUrl\":\"https:\/\/www.artnivo.com\/wp-content\/uploads\/2021\/04\/ana-1.jpg\",\"datePublished\":\"2021-04-14T11:23:39+00:00\",\"dateModified\":\"2021-10-18T07:32:05+00:00\",\"description\":\"artnivo.com taraf\u0131ndan d\u00fczenlenen A photograph is not an opinion. Or is it? ba\u015fl\u0131kl\u0131 online sergiyi gezmek i\u00e7in t\u0131klay\u0131n.\",\"breadcrumb\":{\"@id\":\"https:\/\/www.artnivo.com\/en\/proje-sergi\/online-exhibition\/aphotographisnotanopinionorisit\/#breadcrumb\"},\"inLanguage\":\"en-US\",\"potentialAction\":[{\"@type\":\"ReadAction\",\"target\":[\"https:\/\/www.artnivo.com\/en\/proje-sergi\/online-exhibition\/aphotographisnotanopinionorisit\/\"]}]},{\"@type\":\"ImageObject\",\"inLanguage\":\"en-US\",\"@id\":\"https:\/\/www.artnivo.com\/en\/proje-sergi\/online-exhibition\/aphotographisnotanopinionorisit\/#primaryimage\",\"url\":\"https:\/\/www.artnivo.com\/wp-content\/uploads\/2021\/04\/ana-1.jpg\",\"contentUrl\":\"https:\/\/www.artnivo.com\/wp-content\/uploads\/2021\/04\/ana-1.jpg\",\"width\":1500,\"height\":760},{\"@type\":\"BreadcrumbList\",\"@id\":\"https:\/\/www.artnivo.com\/en\/proje-sergi\/online-exhibition\/aphotographisnotanopinionorisit\/#breadcrumb\",\"itemListElement\":[{\"@type\":\"ListItem\",\"position\":1,\"name\":\"Anasayfa\",\"item\":\"https:\/\/www.artnivo.com\/en\/\"},{\"@type\":\"ListItem\",\"position\":2,\"name\":\"A photograph is not an opinion. Or is it?\"}]},{\"@type\":\"WebSite\",\"@id\":\"https:\/\/www.artnivo.com\/#website\",\"url\":\"https:\/\/www.artnivo.com\/\",\"name\":\"artnivo\",\"description\":\"\",\"publisher\":{\"@id\":\"https:\/\/www.artnivo.com\/#organization\"},\"potentialAction\":[{\"@type\":\"SearchAction\",\"target\":{\"@type\":\"EntryPoint\",\"urlTemplate\":\"https:\/\/www.artnivo.com\/?s={search_term_string}\"},\"query-input\":{\"@type\":\"PropertyValueSpecification\",\"valueRequired\":true,\"valueName\":\"search_term_string\"}}],\"inLanguage\":\"en-US\"},{\"@type\":\"Organization\",\"@id\":\"https:\/\/www.artnivo.com\/#organization\",\"name\":\"artnivo\",\"url\":\"https:\/\/www.artnivo.com\/\",\"logo\":{\"@type\":\"ImageObject\",\"inLanguage\":\"en-US\",\"@id\":\"https:\/\/www.artnivo.com\/#\/schema\/logo\/image\/\",\"url\":\"http:\/\/www.artnivo.com\/wp-content\/uploads\/2021\/05\/artnivokare.jpg\",\"contentUrl\":\"http:\/\/www.artnivo.com\/wp-content\/uploads\/2021\/05\/artnivokare.jpg\",\"width\":750,\"height\":750,\"caption\":\"artnivo\"},\"image\":{\"@id\":\"https:\/\/www.artnivo.com\/#\/schema\/logo\/image\/\"},\"sameAs\":[\"https:\/\/www.facebook.com\/artnivocom\",\"https:\/\/x.com\/artnivocom\",\"http:\/\/instagram.com\/artnivocom\/\",\"https:\/\/www.pinterest.com\/artnivocom\/\",\"https:\/\/www.youtube.com\/channel\/UC__bxk2hs4IZ4NiD1Bg4J9w\"]}]}<\/script>\n<!-- \/ Yoast SEO plugin. -->","yoast_head_json":{"title":"A photograph is not an opinion. Or is it? | artnivo","description":"artnivo.com taraf\u0131ndan d\u00fczenlenen A photograph is not an opinion. Or is it? ba\u015fl\u0131kl\u0131 online sergiyi gezmek i\u00e7in t\u0131klay\u0131n.","robots":{"index":"index","follow":"follow","max-snippet":"max-snippet:-1","max-image-preview":"max-image-preview:large","max-video-preview":"max-video-preview:-1"},"canonical":"https:\/\/www.artnivo.com\/en\/proje-sergi\/online-exhibition\/aphotographisnotanopinionorisit\/","og_locale":"en_US","og_type":"article","og_title":"A photograph is not an opinion. Or is it? | artnivo","og_description":"artnivo.com taraf\u0131ndan d\u00fczenlenen A photograph is not an opinion. Or is it? ba\u015fl\u0131kl\u0131 online sergiyi gezmek i\u00e7in t\u0131klay\u0131n.","og_url":"https:\/\/www.artnivo.com\/en\/proje-sergi\/online-exhibition\/aphotographisnotanopinionorisit\/","og_site_name":"artnivo","article_publisher":"https:\/\/www.facebook.com\/artnivocom","article_modified_time":"2021-10-18T07:32:05+00:00","og_image":[{"width":1500,"height":760,"url":"https:\/\/www.artnivo.com\/wp-content\/uploads\/2021\/04\/ana-1.jpg","type":"image\/jpeg"}],"twitter_card":"summary_large_image","twitter_site":"@artnivocom","twitter_misc":{"Est. reading time":"1 minute"},"schema":{"@context":"https:\/\/schema.org","@graph":[{"@type":"WebPage","@id":"https:\/\/www.artnivo.com\/en\/proje-sergi\/online-exhibition\/aphotographisnotanopinionorisit\/","url":"https:\/\/www.artnivo.com\/en\/proje-sergi\/online-exhibition\/aphotographisnotanopinionorisit\/","name":"A photograph is not an opinion. Or is it? | artnivo","isPartOf":{"@id":"https:\/\/www.artnivo.com\/#website"},"primaryImageOfPage":{"@id":"https:\/\/www.artnivo.com\/en\/proje-sergi\/online-exhibition\/aphotographisnotanopinionorisit\/#primaryimage"},"image":{"@id":"https:\/\/www.artnivo.com\/en\/proje-sergi\/online-exhibition\/aphotographisnotanopinionorisit\/#primaryimage"},"thumbnailUrl":"https:\/\/www.artnivo.com\/wp-content\/uploads\/2021\/04\/ana-1.jpg","datePublished":"2021-04-14T11:23:39+00:00","dateModified":"2021-10-18T07:32:05+00:00","description":"artnivo.com taraf\u0131ndan d\u00fczenlenen A photograph is not an opinion. Or is it? ba\u015fl\u0131kl\u0131 online sergiyi gezmek i\u00e7in t\u0131klay\u0131n.","breadcrumb":{"@id":"https:\/\/www.artnivo.com\/en\/proje-sergi\/online-exhibition\/aphotographisnotanopinionorisit\/#breadcrumb"},"inLanguage":"en-US","potentialAction":[{"@type":"ReadAction","target":["https:\/\/www.artnivo.com\/en\/proje-sergi\/online-exhibition\/aphotographisnotanopinionorisit\/"]}]},{"@type":"ImageObject","inLanguage":"en-US","@id":"https:\/\/www.artnivo.com\/en\/proje-sergi\/online-exhibition\/aphotographisnotanopinionorisit\/#primaryimage","url":"https:\/\/www.artnivo.com\/wp-content\/uploads\/2021\/04\/ana-1.jpg","contentUrl":"https:\/\/www.artnivo.com\/wp-content\/uploads\/2021\/04\/ana-1.jpg","width":1500,"height":760},{"@type":"BreadcrumbList","@id":"https:\/\/www.artnivo.com\/en\/proje-sergi\/online-exhibition\/aphotographisnotanopinionorisit\/#breadcrumb","itemListElement":[{"@type":"ListItem","position":1,"name":"Anasayfa","item":"https:\/\/www.artnivo.com\/en\/"},{"@type":"ListItem","position":2,"name":"A photograph is not an opinion. Or is it?"}]},{"@type":"WebSite","@id":"https:\/\/www.artnivo.com\/#website","url":"https:\/\/www.artnivo.com\/","name":"artnivo","description":"","publisher":{"@id":"https:\/\/www.artnivo.com\/#organization"},"potentialAction":[{"@type":"SearchAction","target":{"@type":"EntryPoint","urlTemplate":"https:\/\/www.artnivo.com\/?s={search_term_string}"},"query-input":{"@type":"PropertyValueSpecification","valueRequired":true,"valueName":"search_term_string"}}],"inLanguage":"en-US"},{"@type":"Organization","@id":"https:\/\/www.artnivo.com\/#organization","name":"artnivo","url":"https:\/\/www.artnivo.com\/","logo":{"@type":"ImageObject","inLanguage":"en-US","@id":"https:\/\/www.artnivo.com\/#\/schema\/logo\/image\/","url":"http:\/\/www.artnivo.com\/wp-content\/uploads\/2021\/05\/artnivokare.jpg","contentUrl":"http:\/\/www.artnivo.com\/wp-content\/uploads\/2021\/05\/artnivokare.jpg","width":750,"height":750,"caption":"artnivo"},"image":{"@id":"https:\/\/www.artnivo.com\/#\/schema\/logo\/image\/"},"sameAs":["https:\/\/www.facebook.com\/artnivocom","https:\/\/x.com\/artnivocom","http:\/\/instagram.com\/artnivocom\/","https:\/\/www.pinterest.com\/artnivocom\/","https:\/\/www.youtube.com\/channel\/UC__bxk2hs4IZ4NiD1Bg4J9w"]}]}},"_links":{"self":[{"href":"https:\/\/www.artnivo.com\/en\/wp-json\/wp\/v2\/etheme_portfolio\/13812","targetHints":{"allow":["GET"]}}],"collection":[{"href":"https:\/\/www.artnivo.com\/en\/wp-json\/wp\/v2\/etheme_portfolio"}],"about":[{"href":"https:\/\/www.artnivo.com\/en\/wp-json\/wp\/v2\/types\/etheme_portfolio"}],"author":[{"embeddable":true,"href":"https:\/\/www.artnivo.com\/en\/wp-json\/wp\/v2\/users\/1"}],"version-history":[{"count":1,"href":"https:\/\/www.artnivo.com\/en\/wp-json\/wp\/v2\/etheme_portfolio\/13812\/revisions"}],"predecessor-version":[{"id":15228,"href":"https:\/\/www.artnivo.com\/en\/wp-json\/wp\/v2\/etheme_portfolio\/13812\/revisions\/15228"}],"wp:featuredmedia":[{"embeddable":true,"href":"https:\/\/www.artnivo.com\/en\/wp-json\/wp\/v2\/media\/12201"}],"wp:attachment":[{"href":"https:\/\/www.artnivo.com\/en\/wp-json\/wp\/v2\/media?parent=13812"}],"wp:term":[{"taxonomy":"portfolio_category","embeddable":true,"href":"https:\/\/www.artnivo.com\/en\/wp-json\/wp\/v2\/etheme_portfolio_category?post=13812"}],"curies":[{"name":"wp","href":"https:\/\/api.w.org\/{rel}","templated":true}]}}