{"id":13816,"date":"2021-04-14T13:19:36","date_gmt":"2021-04-14T10:19:36","guid":{"rendered":"http:\/\/www.artnivo.com\/proje-sergi\/uncategorized\/kayip-mekanlar\/"},"modified":"2021-10-18T10:32:07","modified_gmt":"2021-10-18T07:32:07","slug":"kayip-mekanlar","status":"publish","type":"etheme_portfolio","link":"https:\/\/www.artnivo.com\/en\/proje-sergi\/online-exhibition\/kayip-mekanlar\/","title":{"rendered":"Kay\u0131p Mekanlar"},"content":{"rendered":"<p><strong>27.10.2014 &#8211; 11.11.2014<\/strong><\/p>\n<p><strong>K\u00fcrat\u00f6r:\u00a0<\/strong>Yasemin Bay<\/p>\n<p>&nbsp;<\/p>\n<p>Belki b\u00fct\u00fcn \u00f6mr\u00fcnce her an bir\u00e7ok \u015feyler onu arkada b\u0131rak\u0131yordu. Sonra oldu\u011fu yerde birden bire kabukla\u015f\u0131yor, \u00e7ok ince, g\u00f6r\u00fcnmez bir \u015feyle o anda etraf\u0131ndan ayr\u0131l\u0131yordu. \u2018Biz mi gidiyoruz, onlar m\u0131?\u2019 Sual buydu\u2026\u201d<\/p>\n<p>Ahmet Hamdi Tanp\u0131nar, \u201cHuzur\u201d adl\u0131 roman\u0131nda ba\u015f kahraman\u0131m\u0131z M\u00fcmtaz \u2018kaybettikleri\u2019ni d\u00fc\u015f\u00fcn\u00fcrken bu sorgulamay\u0131 ya\u015fat\u0131yor ona&#8230; Sahi biz mi ard\u0131m\u0131zda b\u0131rak\u0131yoruz \u2018an\u2019lar\u0131, \u2018onlar\u0131\u2019 ya da \u2018mekan\u2019lar\u0131? Yoksa kendileri mi s\u0131yr\u0131l\u0131p gidiyor hayat\u0131m\u0131zdan\u2026<\/p>\n<p>Arkam\u0131zda kalan mekanlar\u0131 d\u00fc\u015f\u00fcn\u00fcnce \u015funu g\u00f6zlemliyorum, deneyimledi\u011fimiz mekanlar ya da kurgulad\u0131\u011f\u0131m\u0131z mekanlar\u0131n ne kadar\u0131 ya\u015fam alanlar\u0131m\u0131z olarak hayat\u0131m\u0131zda kal\u0131yor? Tanp\u0131nar&#8217;\u0131n roman\u0131nda karakter \u00fczerinden de\u011findi\u011fi gibi; biz mi gidiyoruz?, onlar m\u0131?&#8230; Her ge\u00e7en g\u00fcn bu koca \u015fehirde kaybettiklerimiz&#8230; Kimini kentsel d\u00f6n\u00fc\u015f\u00fcme kurban veriyoruz; park\u0131m\u0131z i\u00e7in hepimiz ayaklan\u0131yoruz, onu kaybetmemek i\u00e7in s\u0131k\u0131 s\u0131k\u0131 sar\u0131l\u0131yoruz birbirimize. Kimini ise biz \u2018g\u00f6rm\u00fcyoruz\u2019 art\u0131k. Ard\u0131m\u0131zda b\u0131rak\u0131p gidiyoruz&#8230;<\/p>\n<p>&#8220;Huzur&#8221; da yazar\u0131n bize sordu\u011fu soruyu geni\u015f anlam\u0131yla d\u00fc\u015f\u00fcn\u00fcp, mekan \u00f6l\u00e7e\u011finde ele al\u0131rsak, ge\u00e7mi\u015fimizde gizli ya da haf\u0131zam\u0131zda yaratt\u0131\u011f\u0131m\u0131z alanlar akla geliyor&#8230; An\u0131lar\u0131m\u0131zda kalan, kimi zaman kaybetti\u011fimiz ya da bizim i\u00e7in &#8216;gizli&#8217; kalan mekanlar bunlar. K\u00fcrat\u00f6rl\u00fc\u011f\u00fcn\u00fc \u00fcstlendi\u011fim bu sergi, bu konuya odaklan\u0131yor ve &#8220;Kay\u0131p Mekanlar&#8221; ba\u015fl\u0131\u011f\u0131 alt\u0131nda sanat\u00e7\u0131lar\u0131n bu temay\u0131 nas\u0131l ele ald\u0131\u011f\u0131na odaklan\u0131yor.<\/p>\n<p>\u201cKay\u0131p Mekanlar\u201d adl\u0131 sergide \u00d6yk\u00fc Ersoy, Burcu Per\u00e7in, \u00c7\u0131nar Eslek, Alp Sime, Sena, Ali Arif Ersen, Reysi Kamhi, Hale G\u00fcng\u00f6r Oppenheimer, Sevim Sancaktar, Furkan Birg\u00fcn, Antonio Cosentino, Yahya Ba\u011fc\u0131 ve Zeynep Akan\u2019\u0131n yap\u0131tlar\u0131na yans\u0131yan mekanlar\u0131 bir araya getirdik. Kay\u0131p mekanlara sadece arkam\u0131zda b\u0131rakt\u0131\u011f\u0131m\u0131z reel anlam\u0131yla mekanlar olarak bakmad\u0131k. Bu manzaralardaki kimi mekanlar ger\u00e7ekten vard\u0131lar. Mesela Ali Arif Ersen\u2019in 2003 tarihli \u201c\u0130simsiz\u201d foto\u011fraf\u0131. Ersen\u2019in G\u00f6k\u00e7eada\u2019da \u00e7ekti\u011fi bu foto\u011frafta Yunanistan\u2019a g\u00f6\u00e7 eden ya\u015fl\u0131 bir Rum han\u0131m\u0131n evindeki yata\u011f\u0131 g\u00f6r\u00fcyoruz. \u015eimdi bu ev yok\u2026 Zayi\u2026<\/p>\n<p>Kimi sanat\u00e7\u0131lar ise tasarlad\u0131klar\u0131, hayallerinde kurduklar\u0131 mekanlarla dahil oldular sergiye. \u00c7\u0131nar Eslek\u2019in foto\u011fraf\u0131nda oldu\u011fu gibi\u2026 Sanat\u00e7\u0131 ak\u0131\u015fkan bir malzeme olan s\u00fctten yararlanarak yaratt\u0131\u011f\u0131 kompozisyonunda zaman-mekan kavramlar\u0131 \u00fczerinden giderek bir anlat\u0131 kuruyor. Bir mekan alg\u0131s\u0131 yarat\u0131yor.<\/p>\n<p>Mekan kavram\u0131 en geni\u015f anlam\u0131yla da kar\u015f\u0131m\u0131za \u00e7\u0131k\u0131yor. T\u0131pk\u0131 Yahya Ba\u011fc\u0131\u2019n\u0131n \u2018kay\u0131t d\u0131\u015f\u0131 m\u00fczeler\u2019 olarak tan\u0131mlad\u0131\u011f\u0131 ya\u011fl\u0131boya serisinden sergiye dahil olan i\u015finde oldu\u011fu gibi. Ba\u011fc\u0131\u2019n\u0131n bu yap\u0131t\u0131nda ailenin kimli\u011fini belgeleyen, art\u0131k g\u00fcn\u00fcm\u00fczde pek \u00e7ok evde kullan\u0131lmayan \u2018vitrin\u2019i g\u00f6r\u00fcyoruz. Bu vitrin asl\u0131nda ba\u015fl\u0131ba\u015f\u0131na bir m\u00fczeye d\u00f6n\u00fc\u015f\u00fcyor, sahiplerinin ge\u00e7mi\u015fini, sahip olduklar\u0131n\u0131 g\u00f6zler \u00f6n\u00fcne seriyor.<\/p>\n<p>Farkl\u0131 bak\u0131\u015f a\u00e7\u0131lar\u0131ndan ele alan\u0131nan &#8216;mekan&#8217; kavram\u0131, farkl\u0131 metaryellerle ve farkl\u0131 medyumlarda \u015fekillendirilmi\u015f olarak kar\u015f\u0131m\u0131za &#8220;Kay\u0131p Mekanlar&#8221; ba\u015fl\u0131\u011f\u0131 alt\u0131nda \u00e7\u0131k\u0131yor. Onbir sanat\u00e7\u0131n\u0131n yer ald\u0131\u011f\u0131 bu sergiyi, siz online olarak gezerken, benim k\u00fcrasyonunu yaparken d\u00fc\u015f\u00fcnd\u00fc\u011f\u00fcm ve kendi belle\u011fimde yer eden momentumlar\u0131n \u00e7ak\u0131\u015fmas\u0131n\u0131 izleyici olarak sizin de zihninizde yakalaman\u0131z\u0131 dilerim&#8230;<\/p>\n<p><strong>Yasemin BAY<\/strong><\/p>\n","protected":false},"excerpt":{"rendered":"<p>27.10.2014 &#8211; 11.11.2014 K\u00fcrat\u00f6r:\u00a0Yasemin Bay &nbsp; Belki b\u00fct\u00fcn \u00f6mr\u00fcnce her an bir\u00e7ok \u015feyler onu arkada b\u0131rak\u0131yordu. Sonra oldu\u011fu yerde birden bire kabukla\u015f\u0131yor, \u00e7ok ince, g\u00f6r\u00fcnmez&#8230;<\/p>\n","protected":false},"author":1,"featured_media":12128,"template":"","meta":{"_thumbnail_id":["12128"],"sanatci_1_adres":["http:\/\/www.artnivo.com\/shop\/who\/ali-arif-ersen-en\/?lang=en"],"sanatci_2_adres":["http:\/\/www.artnivo.com\/shop\/who\/antonio-cosentino-en\/?lang=en"],"sanatci_3_adres":[""],"sanatci_4_adres":[""],"sanatci_5_adres":[""],"sanatci_6_adres":[""],"sanatci_7_adres":[""],"_wp_page_template":["default"],"_galeri":["field_607080346c383"],"eserleri_goster":["Evet"],"_eserleri_goster":["field_6076b9061dd57"],"_eserler":["field_607621d418a4c"],"sanatci_1_isim":["Ali Arif Ersen"],"_sanatci_1_isim":["field_607080ab54c9b"],"_sanatci_1_adres":["field_607080d354c9c"],"_sanatci_1_eser_gorseli":["field_6070810054c9d"],"sanatci_2_isim":["Antonio Cosentino"],"_sanatci_2_isim":["field_6070869135d30"],"_sanatci_2_adres":["field_607086aa35d31"],"_sanatci_2_eser_gorseli":["field_607086c535d32"],"sanatci_3_isim":[""],"_sanatci_3_isim":["field_60708708e76fb"],"_sanatci_3_adres":["field_6070871be76fc"],"sanatci_3_eser_gorseli":[""],"_sanatci_3_eser_gorseli":["field_6070872de76fd"],"_wpml_media_featured":["1"],"_wpml_media_duplicate":["1"],"_last_translation_edit_mode":["translation-editor"],"_wp_attachment_metadata":[""],"_wpml_word_count":["{\"total\":414,\"to_translate\":{\"tr\":414}}"],"galeri":["a:14:{i:0;i:12114;i:1;i:12115;i:2;i:12116;i:3;i:12117;i:4;i:12118;i:5;i:12119;i:6;i:12120;i:7;i:12121;i:8;i:12122;i:9;i:12123;i:10;i:12124;i:11;i:12125;i:12;i:12126;i:13;i:12127;}"],"eserler":["13732"],"sanatci_1_eser_gorseli":["5538"],"sanatci_2_eser_gorseli":["5539"]},"etheme_portfolio_category":[692],"class_list":["post-13816","etheme_portfolio","type-etheme_portfolio","status-publish","has-post-thumbnail","hentry","portfolio_category-online-exhibition"],"acf":[],"image":{"id":12128,"src":"https:\/\/www.artnivo.com\/wp-content\/uploads\/2021\/04\/sergi02.jpg","alt":[],"title":"sergi02","caption":"","description":""},"yoast_head":"<!-- This site is optimized with the Yoast SEO plugin v23.4 - https:\/\/yoast.com\/wordpress\/plugins\/seo\/ -->\n<title>Kay\u0131p Mekanlar | artnivo<\/title>\n<meta name=\"description\" content=\"artnivo.com taraf\u0131ndan d\u00fczenlenen Kay\u0131p Mekanlar ba\u015fl\u0131kl\u0131 online sergiyi gezmek i\u00e7in t\u0131klay\u0131n.\" \/>\n<meta name=\"robots\" content=\"index, follow, max-snippet:-1, max-image-preview:large, max-video-preview:-1\" \/>\n<link rel=\"canonical\" href=\"https:\/\/www.artnivo.com\/en\/proje-sergi\/online-exhibition\/kayip-mekanlar\/\" \/>\n<meta property=\"og:locale\" content=\"en_US\" \/>\n<meta property=\"og:type\" content=\"article\" \/>\n<meta property=\"og:title\" content=\"Kay\u0131p Mekanlar | artnivo\" \/>\n<meta property=\"og:description\" content=\"artnivo.com taraf\u0131ndan d\u00fczenlenen Kay\u0131p Mekanlar ba\u015fl\u0131kl\u0131 online sergiyi gezmek i\u00e7in t\u0131klay\u0131n.\" \/>\n<meta property=\"og:url\" content=\"https:\/\/www.artnivo.com\/en\/proje-sergi\/online-exhibition\/kayip-mekanlar\/\" \/>\n<meta property=\"og:site_name\" content=\"artnivo\" \/>\n<meta property=\"article:publisher\" content=\"https:\/\/www.facebook.com\/artnivocom\" \/>\n<meta property=\"article:modified_time\" content=\"2021-10-18T07:32:07+00:00\" \/>\n<meta property=\"og:image\" content=\"https:\/\/www.artnivo.com\/wp-content\/uploads\/2021\/04\/sergi02.jpg\" \/>\n\t<meta property=\"og:image:width\" content=\"1600\" \/>\n\t<meta property=\"og:image:height\" content=\"846\" \/>\n\t<meta property=\"og:image:type\" content=\"image\/jpeg\" \/>\n<meta name=\"twitter:card\" content=\"summary_large_image\" \/>\n<meta name=\"twitter:site\" content=\"@artnivocom\" \/>\n<meta name=\"twitter:label1\" content=\"Est. reading time\" \/>\n\t<meta name=\"twitter:data1\" content=\"3 minutes\" \/>\n<script type=\"application\/ld+json\" class=\"yoast-schema-graph\">{\"@context\":\"https:\/\/schema.org\",\"@graph\":[{\"@type\":\"WebPage\",\"@id\":\"https:\/\/www.artnivo.com\/en\/proje-sergi\/online-exhibition\/kayip-mekanlar\/\",\"url\":\"https:\/\/www.artnivo.com\/en\/proje-sergi\/online-exhibition\/kayip-mekanlar\/\",\"name\":\"Kay\u0131p Mekanlar | artnivo\",\"isPartOf\":{\"@id\":\"https:\/\/www.artnivo.com\/#website\"},\"primaryImageOfPage\":{\"@id\":\"https:\/\/www.artnivo.com\/en\/proje-sergi\/online-exhibition\/kayip-mekanlar\/#primaryimage\"},\"image\":{\"@id\":\"https:\/\/www.artnivo.com\/en\/proje-sergi\/online-exhibition\/kayip-mekanlar\/#primaryimage\"},\"thumbnailUrl\":\"https:\/\/www.artnivo.com\/wp-content\/uploads\/2021\/04\/sergi02.jpg\",\"datePublished\":\"2021-04-14T10:19:36+00:00\",\"dateModified\":\"2021-10-18T07:32:07+00:00\",\"description\":\"artnivo.com taraf\u0131ndan d\u00fczenlenen Kay\u0131p Mekanlar ba\u015fl\u0131kl\u0131 online sergiyi gezmek i\u00e7in t\u0131klay\u0131n.\",\"breadcrumb\":{\"@id\":\"https:\/\/www.artnivo.com\/en\/proje-sergi\/online-exhibition\/kayip-mekanlar\/#breadcrumb\"},\"inLanguage\":\"en-US\",\"potentialAction\":[{\"@type\":\"ReadAction\",\"target\":[\"https:\/\/www.artnivo.com\/en\/proje-sergi\/online-exhibition\/kayip-mekanlar\/\"]}]},{\"@type\":\"ImageObject\",\"inLanguage\":\"en-US\",\"@id\":\"https:\/\/www.artnivo.com\/en\/proje-sergi\/online-exhibition\/kayip-mekanlar\/#primaryimage\",\"url\":\"https:\/\/www.artnivo.com\/wp-content\/uploads\/2021\/04\/sergi02.jpg\",\"contentUrl\":\"https:\/\/www.artnivo.com\/wp-content\/uploads\/2021\/04\/sergi02.jpg\",\"width\":1600,\"height\":846},{\"@type\":\"BreadcrumbList\",\"@id\":\"https:\/\/www.artnivo.com\/en\/proje-sergi\/online-exhibition\/kayip-mekanlar\/#breadcrumb\",\"itemListElement\":[{\"@type\":\"ListItem\",\"position\":1,\"name\":\"Anasayfa\",\"item\":\"https:\/\/www.artnivo.com\/en\/\"},{\"@type\":\"ListItem\",\"position\":2,\"name\":\"Kay\u0131p Mekanlar\"}]},{\"@type\":\"WebSite\",\"@id\":\"https:\/\/www.artnivo.com\/#website\",\"url\":\"https:\/\/www.artnivo.com\/\",\"name\":\"artnivo\",\"description\":\"\",\"publisher\":{\"@id\":\"https:\/\/www.artnivo.com\/#organization\"},\"potentialAction\":[{\"@type\":\"SearchAction\",\"target\":{\"@type\":\"EntryPoint\",\"urlTemplate\":\"https:\/\/www.artnivo.com\/?s={search_term_string}\"},\"query-input\":{\"@type\":\"PropertyValueSpecification\",\"valueRequired\":true,\"valueName\":\"search_term_string\"}}],\"inLanguage\":\"en-US\"},{\"@type\":\"Organization\",\"@id\":\"https:\/\/www.artnivo.com\/#organization\",\"name\":\"artnivo\",\"url\":\"https:\/\/www.artnivo.com\/\",\"logo\":{\"@type\":\"ImageObject\",\"inLanguage\":\"en-US\",\"@id\":\"https:\/\/www.artnivo.com\/#\/schema\/logo\/image\/\",\"url\":\"http:\/\/www.artnivo.com\/wp-content\/uploads\/2021\/05\/artnivokare.jpg\",\"contentUrl\":\"http:\/\/www.artnivo.com\/wp-content\/uploads\/2021\/05\/artnivokare.jpg\",\"width\":750,\"height\":750,\"caption\":\"artnivo\"},\"image\":{\"@id\":\"https:\/\/www.artnivo.com\/#\/schema\/logo\/image\/\"},\"sameAs\":[\"https:\/\/www.facebook.com\/artnivocom\",\"https:\/\/x.com\/artnivocom\",\"http:\/\/instagram.com\/artnivocom\/\",\"https:\/\/www.pinterest.com\/artnivocom\/\",\"https:\/\/www.youtube.com\/channel\/UC__bxk2hs4IZ4NiD1Bg4J9w\"]}]}<\/script>\n<!-- \/ Yoast SEO plugin. -->","yoast_head_json":{"title":"Kay\u0131p Mekanlar | artnivo","description":"artnivo.com taraf\u0131ndan d\u00fczenlenen Kay\u0131p Mekanlar ba\u015fl\u0131kl\u0131 online sergiyi gezmek i\u00e7in t\u0131klay\u0131n.","robots":{"index":"index","follow":"follow","max-snippet":"max-snippet:-1","max-image-preview":"max-image-preview:large","max-video-preview":"max-video-preview:-1"},"canonical":"https:\/\/www.artnivo.com\/en\/proje-sergi\/online-exhibition\/kayip-mekanlar\/","og_locale":"en_US","og_type":"article","og_title":"Kay\u0131p Mekanlar | artnivo","og_description":"artnivo.com taraf\u0131ndan d\u00fczenlenen Kay\u0131p Mekanlar ba\u015fl\u0131kl\u0131 online sergiyi gezmek i\u00e7in t\u0131klay\u0131n.","og_url":"https:\/\/www.artnivo.com\/en\/proje-sergi\/online-exhibition\/kayip-mekanlar\/","og_site_name":"artnivo","article_publisher":"https:\/\/www.facebook.com\/artnivocom","article_modified_time":"2021-10-18T07:32:07+00:00","og_image":[{"width":1600,"height":846,"url":"https:\/\/www.artnivo.com\/wp-content\/uploads\/2021\/04\/sergi02.jpg","type":"image\/jpeg"}],"twitter_card":"summary_large_image","twitter_site":"@artnivocom","twitter_misc":{"Est. reading time":"3 minutes"},"schema":{"@context":"https:\/\/schema.org","@graph":[{"@type":"WebPage","@id":"https:\/\/www.artnivo.com\/en\/proje-sergi\/online-exhibition\/kayip-mekanlar\/","url":"https:\/\/www.artnivo.com\/en\/proje-sergi\/online-exhibition\/kayip-mekanlar\/","name":"Kay\u0131p Mekanlar | artnivo","isPartOf":{"@id":"https:\/\/www.artnivo.com\/#website"},"primaryImageOfPage":{"@id":"https:\/\/www.artnivo.com\/en\/proje-sergi\/online-exhibition\/kayip-mekanlar\/#primaryimage"},"image":{"@id":"https:\/\/www.artnivo.com\/en\/proje-sergi\/online-exhibition\/kayip-mekanlar\/#primaryimage"},"thumbnailUrl":"https:\/\/www.artnivo.com\/wp-content\/uploads\/2021\/04\/sergi02.jpg","datePublished":"2021-04-14T10:19:36+00:00","dateModified":"2021-10-18T07:32:07+00:00","description":"artnivo.com taraf\u0131ndan d\u00fczenlenen Kay\u0131p Mekanlar ba\u015fl\u0131kl\u0131 online sergiyi gezmek i\u00e7in t\u0131klay\u0131n.","breadcrumb":{"@id":"https:\/\/www.artnivo.com\/en\/proje-sergi\/online-exhibition\/kayip-mekanlar\/#breadcrumb"},"inLanguage":"en-US","potentialAction":[{"@type":"ReadAction","target":["https:\/\/www.artnivo.com\/en\/proje-sergi\/online-exhibition\/kayip-mekanlar\/"]}]},{"@type":"ImageObject","inLanguage":"en-US","@id":"https:\/\/www.artnivo.com\/en\/proje-sergi\/online-exhibition\/kayip-mekanlar\/#primaryimage","url":"https:\/\/www.artnivo.com\/wp-content\/uploads\/2021\/04\/sergi02.jpg","contentUrl":"https:\/\/www.artnivo.com\/wp-content\/uploads\/2021\/04\/sergi02.jpg","width":1600,"height":846},{"@type":"BreadcrumbList","@id":"https:\/\/www.artnivo.com\/en\/proje-sergi\/online-exhibition\/kayip-mekanlar\/#breadcrumb","itemListElement":[{"@type":"ListItem","position":1,"name":"Anasayfa","item":"https:\/\/www.artnivo.com\/en\/"},{"@type":"ListItem","position":2,"name":"Kay\u0131p Mekanlar"}]},{"@type":"WebSite","@id":"https:\/\/www.artnivo.com\/#website","url":"https:\/\/www.artnivo.com\/","name":"artnivo","description":"","publisher":{"@id":"https:\/\/www.artnivo.com\/#organization"},"potentialAction":[{"@type":"SearchAction","target":{"@type":"EntryPoint","urlTemplate":"https:\/\/www.artnivo.com\/?s={search_term_string}"},"query-input":{"@type":"PropertyValueSpecification","valueRequired":true,"valueName":"search_term_string"}}],"inLanguage":"en-US"},{"@type":"Organization","@id":"https:\/\/www.artnivo.com\/#organization","name":"artnivo","url":"https:\/\/www.artnivo.com\/","logo":{"@type":"ImageObject","inLanguage":"en-US","@id":"https:\/\/www.artnivo.com\/#\/schema\/logo\/image\/","url":"http:\/\/www.artnivo.com\/wp-content\/uploads\/2021\/05\/artnivokare.jpg","contentUrl":"http:\/\/www.artnivo.com\/wp-content\/uploads\/2021\/05\/artnivokare.jpg","width":750,"height":750,"caption":"artnivo"},"image":{"@id":"https:\/\/www.artnivo.com\/#\/schema\/logo\/image\/"},"sameAs":["https:\/\/www.facebook.com\/artnivocom","https:\/\/x.com\/artnivocom","http:\/\/instagram.com\/artnivocom\/","https:\/\/www.pinterest.com\/artnivocom\/","https:\/\/www.youtube.com\/channel\/UC__bxk2hs4IZ4NiD1Bg4J9w"]}]}},"_links":{"self":[{"href":"https:\/\/www.artnivo.com\/en\/wp-json\/wp\/v2\/etheme_portfolio\/13816","targetHints":{"allow":["GET"]}}],"collection":[{"href":"https:\/\/www.artnivo.com\/en\/wp-json\/wp\/v2\/etheme_portfolio"}],"about":[{"href":"https:\/\/www.artnivo.com\/en\/wp-json\/wp\/v2\/types\/etheme_portfolio"}],"author":[{"embeddable":true,"href":"https:\/\/www.artnivo.com\/en\/wp-json\/wp\/v2\/users\/1"}],"version-history":[{"count":1,"href":"https:\/\/www.artnivo.com\/en\/wp-json\/wp\/v2\/etheme_portfolio\/13816\/revisions"}],"predecessor-version":[{"id":15232,"href":"https:\/\/www.artnivo.com\/en\/wp-json\/wp\/v2\/etheme_portfolio\/13816\/revisions\/15232"}],"wp:featuredmedia":[{"embeddable":true,"href":"https:\/\/www.artnivo.com\/en\/wp-json\/wp\/v2\/media\/12128"}],"wp:attachment":[{"href":"https:\/\/www.artnivo.com\/en\/wp-json\/wp\/v2\/media?parent=13816"}],"wp:term":[{"taxonomy":"portfolio_category","embeddable":true,"href":"https:\/\/www.artnivo.com\/en\/wp-json\/wp\/v2\/etheme_portfolio_category?post=13816"}],"curies":[{"name":"wp","href":"https:\/\/api.w.org\/{rel}","templated":true}]}}