{"id":13838,"date":"2021-03-29T20:29:02","date_gmt":"2021-03-29T17:29:02","guid":{"rendered":"http:\/\/www.artnivo.com\/proje-sergi\/uncategorized\/celebration-memories\/"},"modified":"2021-03-29T20:29:02","modified_gmt":"2021-03-29T17:29:02","slug":"celebration-memories","status":"publish","type":"etheme_portfolio","link":"https:\/\/www.artnivo.com\/en\/proje-sergi\/past-projects\/celebration-memories\/","title":{"rendered":"Celebration &#038; Memories"},"content":{"rendered":"<p>Kavramsal bir sergi olan &#8220;Celebration &amp; Memories&#8221; iki kurguya sahip\u2026 17 Aral\u0131k 2014 &#8211; 15 Ocak 2015 tarihleri aras\u0131nda ger\u00e7ekle\u015fen serginin ilk aya\u011f\u0131 Jeff Koons&#8217;un &#8216;Celebration&#8217; serisinden hareketle, &#8220;celebration&#8221; yani kutlama kavram\u0131 \u00fczerine \u015fekilleniyor. Lucca&#8217;n\u0131n mekansal belle\u011fi ve serginin zamanlama olarak &#8216;yeni y\u0131l kutlamalar\u0131&#8217;na denk gelmesi sebebiyle\u00a0<a href=\"http:\/\/www.artnivo.com\/?lang=en\">www.artnivo.com<\/a>\u00a0sanat\u00e7\u0131lar\u0131, konspete ba\u011fl\u0131 olarak \u00f6zel i\u015f \u00fcreterek projeyi farkl\u0131 bir noktaya ta\u015f\u0131d\u0131lar.<\/p>\n<p>\u0130lk \u00e7a\u011flardan bu yana kutlama kavram\u0131n\u0131n insanl\u0131k tarihinde \u00f6nemli bir yer tuttu\u011fu g\u00f6r\u00fcl\u00fcyor\u2026 \u0130nsan\u0131n sosyo-k\u00fclt\u00fcrel, sosyo-politik ko\u015fullar\u0131n\u0131n de\u011fi\u015fmesiyle birlikte, &#8216;kutlama&#8217; bi\u00e7imleri de \u015fekil de\u011fi\u015ftiriyor. G\u00fcn\u00fcm\u00fcz insan\u0131 i\u00e7in kutlama ve bu kutlamalar\u0131n beraberinde getirdi\u011fi bir di\u011fer kavram ise &#8220;an\u0131 ve bellek&#8221;\u2026 \u00c7\u00fcnk\u00fc her kutlaman\u0131n bizde yaratt\u0131\u011f\u0131 bir an\u0131 s\u00f6z konusuyken, ya\u015fan\u0131lan\u0131n an\u0131s\u0131 da kutlamay\u0131 gerektiriyor\u2026 \u00c7ocukken kutlad\u0131\u011f\u0131m\u0131z do\u011fum g\u00fcnlerinin an\u0131lar\u0131m\u0131zda kaplad\u0131\u011f\u0131 yer kadar, her bir y\u0131l d\u00f6n\u00fcm\u00fc ve ba\u015far\u0131 da kutlanmaya de\u011fer..<\/p>\n<p>15 Ocak &#8211; 15 \u015eubat 2015 tarihleri aras\u0131nda ger\u00e7ekle\u015fecek serginin ikinci aya\u011f\u0131 ise bu temaya yo\u011funla\u015f\u0131yor. &#8220;Memories&#8221; kavram\u0131, kutlamadan ba\u011f\u0131ms\u0131z olarak bellek temas\u0131na odaklanan i\u015fleri de b\u00fcnyesinde bar\u0131nd\u0131r\u0131yor&#8230;<\/p>\n<p>Bu iki tema, yani kutlama ve belle\u011fin bu proje kapsam\u0131nda se\u00e7imi,\u00a0 sergi mekan\u0131 olarak ikinci bir i\u015flev kazanan Lucca&#8217;ya \u00f6zel olarak k\u00fcrat\u00f6ryel bir dilde kurguland\u0131.<\/p>\n<p>Sergiye \u00f6zel olarak,\u00a0<a href=\"http:\/\/www.artnivo.com\/?lang=en\">www.artnivo.com<\/a>\u00a0sanat\u00e7\u0131s\u0131 Burak Dak, eserleri anlatacak olan Lucca&#8217;n\u0131n mimari skecini kendi \u00fcslubunda \u00e7izdi ve b\u00f6ylelikle sanat eseri niteli\u011finde &#8216;art map&#8217; yaratt\u0131. Projeye ba\u011flant\u0131l\u0131 olarak ortaya \u00e7\u0131kan bu i\u015f, imzal\u0131 ve edisyonlu olarak mekanda yerini al\u0131yor.<\/p>\n<p>Sergi, 18 Aral\u0131k &#8211; 15 \u015eubat tarihleri aras\u0131nda Lucca\u2019da ve online olarak da\u00a0<a href=\"http:\/\/www.artnivo.com\/?lang=en\">www.artnivo.com<\/a>\u00a0&#8216;da gezilebilir.<\/p>\n","protected":false},"excerpt":{"rendered":"<p>Kavramsal bir sergi olan &#8220;Celebration &amp; Memories&#8221; iki kurguya sahip\u2026 17 Aral\u0131k 2014 &#8211; 15 Ocak 2015 tarihleri aras\u0131nda ger\u00e7ekle\u015fen serginin ilk aya\u011f\u0131 Jeff Koons&#8217;un&#8230;<\/p>\n","protected":false},"author":1,"featured_media":0,"template":"","meta":{"proje_tarihi":["18.12.2014 - 15.02.2015"],"_proje_tarihi":["field_6062078b89474"],"ek_gorsel":[""],"_ek_gorsel":["field_60620d98b7a78"],"galeri":[""],"_galeri":["field_60620c1b5cde6"],"rs_page_bg_color":[""],"_wpml_media_featured":["1"],"_wpml_media_duplicate":["1"],"_wpml_word_count":["{\"total\":251,\"to_translate\":{\"en\":251}}"],"_icl_lang_duplicate_of":["6865"],"_wp_attachment_metadata":[""]},"etheme_portfolio_category":[691],"class_list":["post-13838","etheme_portfolio","type-etheme_portfolio","status-publish","hentry","portfolio_category-past-projects"],"acf":[],"image":null,"yoast_head":"<!-- This site is optimized with the Yoast SEO plugin v23.4 - https:\/\/yoast.com\/wordpress\/plugins\/seo\/ -->\n<title>Celebration &amp; Memories | artnivo<\/title>\n<meta name=\"description\" content=\"artnivo.com taraf\u0131ndan d\u00fczenlenen Celebration &amp; Memories ba\u015fl\u0131kl\u0131 online sergiyi gezmek i\u00e7in t\u0131klay\u0131n.\" \/>\n<meta name=\"robots\" content=\"index, follow, max-snippet:-1, max-image-preview:large, max-video-preview:-1\" \/>\n<link rel=\"canonical\" href=\"https:\/\/www.artnivo.com\/en\/proje-sergi\/past-projects\/celebration-memories\/\" \/>\n<meta property=\"og:locale\" content=\"en_US\" \/>\n<meta property=\"og:type\" content=\"article\" \/>\n<meta property=\"og:title\" content=\"Celebration &amp; Memories | artnivo\" \/>\n<meta property=\"og:description\" content=\"artnivo.com taraf\u0131ndan d\u00fczenlenen Celebration &amp; Memories ba\u015fl\u0131kl\u0131 online sergiyi gezmek i\u00e7in t\u0131klay\u0131n.\" \/>\n<meta property=\"og:url\" content=\"https:\/\/www.artnivo.com\/en\/proje-sergi\/past-projects\/celebration-memories\/\" \/>\n<meta property=\"og:site_name\" content=\"artnivo\" \/>\n<meta property=\"article:publisher\" content=\"https:\/\/www.facebook.com\/artnivocom\" \/>\n<meta property=\"og:image\" content=\"https:\/\/www.artnivo.com\/wp-content\/uploads\/2021\/05\/artnivohomesocial.jpg\" \/>\n\t<meta property=\"og:image:width\" content=\"1000\" \/>\n\t<meta property=\"og:image:height\" content=\"565\" \/>\n\t<meta property=\"og:image:type\" content=\"image\/jpeg\" \/>\n<meta name=\"twitter:card\" content=\"summary_large_image\" \/>\n<meta name=\"twitter:site\" content=\"@artnivocom\" \/>\n<meta name=\"twitter:label1\" content=\"Est. reading time\" \/>\n\t<meta name=\"twitter:data1\" content=\"2 minutes\" \/>\n<script type=\"application\/ld+json\" class=\"yoast-schema-graph\">{\"@context\":\"https:\/\/schema.org\",\"@graph\":[{\"@type\":\"WebPage\",\"@id\":\"https:\/\/www.artnivo.com\/en\/proje-sergi\/past-projects\/celebration-memories\/\",\"url\":\"https:\/\/www.artnivo.com\/en\/proje-sergi\/past-projects\/celebration-memories\/\",\"name\":\"Celebration & Memories | artnivo\",\"isPartOf\":{\"@id\":\"https:\/\/www.artnivo.com\/#website\"},\"datePublished\":\"2021-03-29T17:29:02+00:00\",\"dateModified\":\"2021-03-29T17:29:02+00:00\",\"description\":\"artnivo.com taraf\u0131ndan d\u00fczenlenen Celebration & Memories ba\u015fl\u0131kl\u0131 online sergiyi gezmek i\u00e7in t\u0131klay\u0131n.\",\"breadcrumb\":{\"@id\":\"https:\/\/www.artnivo.com\/en\/proje-sergi\/past-projects\/celebration-memories\/#breadcrumb\"},\"inLanguage\":\"en-US\",\"potentialAction\":[{\"@type\":\"ReadAction\",\"target\":[\"https:\/\/www.artnivo.com\/en\/proje-sergi\/past-projects\/celebration-memories\/\"]}]},{\"@type\":\"BreadcrumbList\",\"@id\":\"https:\/\/www.artnivo.com\/en\/proje-sergi\/past-projects\/celebration-memories\/#breadcrumb\",\"itemListElement\":[{\"@type\":\"ListItem\",\"position\":1,\"name\":\"Anasayfa\",\"item\":\"https:\/\/www.artnivo.com\/en\/\"},{\"@type\":\"ListItem\",\"position\":2,\"name\":\"Celebration &#038; Memories\"}]},{\"@type\":\"WebSite\",\"@id\":\"https:\/\/www.artnivo.com\/#website\",\"url\":\"https:\/\/www.artnivo.com\/\",\"name\":\"artnivo\",\"description\":\"\",\"publisher\":{\"@id\":\"https:\/\/www.artnivo.com\/#organization\"},\"potentialAction\":[{\"@type\":\"SearchAction\",\"target\":{\"@type\":\"EntryPoint\",\"urlTemplate\":\"https:\/\/www.artnivo.com\/?s={search_term_string}\"},\"query-input\":{\"@type\":\"PropertyValueSpecification\",\"valueRequired\":true,\"valueName\":\"search_term_string\"}}],\"inLanguage\":\"en-US\"},{\"@type\":\"Organization\",\"@id\":\"https:\/\/www.artnivo.com\/#organization\",\"name\":\"artnivo\",\"url\":\"https:\/\/www.artnivo.com\/\",\"logo\":{\"@type\":\"ImageObject\",\"inLanguage\":\"en-US\",\"@id\":\"https:\/\/www.artnivo.com\/#\/schema\/logo\/image\/\",\"url\":\"http:\/\/www.artnivo.com\/wp-content\/uploads\/2021\/05\/artnivokare.jpg\",\"contentUrl\":\"http:\/\/www.artnivo.com\/wp-content\/uploads\/2021\/05\/artnivokare.jpg\",\"width\":750,\"height\":750,\"caption\":\"artnivo\"},\"image\":{\"@id\":\"https:\/\/www.artnivo.com\/#\/schema\/logo\/image\/\"},\"sameAs\":[\"https:\/\/www.facebook.com\/artnivocom\",\"https:\/\/x.com\/artnivocom\",\"http:\/\/instagram.com\/artnivocom\/\",\"https:\/\/www.pinterest.com\/artnivocom\/\",\"https:\/\/www.youtube.com\/channel\/UC__bxk2hs4IZ4NiD1Bg4J9w\"]}]}<\/script>\n<!-- \/ Yoast SEO plugin. -->","yoast_head_json":{"title":"Celebration & Memories | artnivo","description":"artnivo.com taraf\u0131ndan d\u00fczenlenen Celebration & Memories ba\u015fl\u0131kl\u0131 online sergiyi gezmek i\u00e7in t\u0131klay\u0131n.","robots":{"index":"index","follow":"follow","max-snippet":"max-snippet:-1","max-image-preview":"max-image-preview:large","max-video-preview":"max-video-preview:-1"},"canonical":"https:\/\/www.artnivo.com\/en\/proje-sergi\/past-projects\/celebration-memories\/","og_locale":"en_US","og_type":"article","og_title":"Celebration & Memories | artnivo","og_description":"artnivo.com taraf\u0131ndan d\u00fczenlenen Celebration & Memories ba\u015fl\u0131kl\u0131 online sergiyi gezmek i\u00e7in t\u0131klay\u0131n.","og_url":"https:\/\/www.artnivo.com\/en\/proje-sergi\/past-projects\/celebration-memories\/","og_site_name":"artnivo","article_publisher":"https:\/\/www.facebook.com\/artnivocom","og_image":[{"width":1000,"height":565,"url":"https:\/\/www.artnivo.com\/wp-content\/uploads\/2021\/05\/artnivohomesocial.jpg","type":"image\/jpeg"}],"twitter_card":"summary_large_image","twitter_site":"@artnivocom","twitter_misc":{"Est. reading time":"2 minutes"},"schema":{"@context":"https:\/\/schema.org","@graph":[{"@type":"WebPage","@id":"https:\/\/www.artnivo.com\/en\/proje-sergi\/past-projects\/celebration-memories\/","url":"https:\/\/www.artnivo.com\/en\/proje-sergi\/past-projects\/celebration-memories\/","name":"Celebration & Memories | artnivo","isPartOf":{"@id":"https:\/\/www.artnivo.com\/#website"},"datePublished":"2021-03-29T17:29:02+00:00","dateModified":"2021-03-29T17:29:02+00:00","description":"artnivo.com taraf\u0131ndan d\u00fczenlenen Celebration & Memories ba\u015fl\u0131kl\u0131 online sergiyi gezmek i\u00e7in t\u0131klay\u0131n.","breadcrumb":{"@id":"https:\/\/www.artnivo.com\/en\/proje-sergi\/past-projects\/celebration-memories\/#breadcrumb"},"inLanguage":"en-US","potentialAction":[{"@type":"ReadAction","target":["https:\/\/www.artnivo.com\/en\/proje-sergi\/past-projects\/celebration-memories\/"]}]},{"@type":"BreadcrumbList","@id":"https:\/\/www.artnivo.com\/en\/proje-sergi\/past-projects\/celebration-memories\/#breadcrumb","itemListElement":[{"@type":"ListItem","position":1,"name":"Anasayfa","item":"https:\/\/www.artnivo.com\/en\/"},{"@type":"ListItem","position":2,"name":"Celebration &#038; Memories"}]},{"@type":"WebSite","@id":"https:\/\/www.artnivo.com\/#website","url":"https:\/\/www.artnivo.com\/","name":"artnivo","description":"","publisher":{"@id":"https:\/\/www.artnivo.com\/#organization"},"potentialAction":[{"@type":"SearchAction","target":{"@type":"EntryPoint","urlTemplate":"https:\/\/www.artnivo.com\/?s={search_term_string}"},"query-input":{"@type":"PropertyValueSpecification","valueRequired":true,"valueName":"search_term_string"}}],"inLanguage":"en-US"},{"@type":"Organization","@id":"https:\/\/www.artnivo.com\/#organization","name":"artnivo","url":"https:\/\/www.artnivo.com\/","logo":{"@type":"ImageObject","inLanguage":"en-US","@id":"https:\/\/www.artnivo.com\/#\/schema\/logo\/image\/","url":"http:\/\/www.artnivo.com\/wp-content\/uploads\/2021\/05\/artnivokare.jpg","contentUrl":"http:\/\/www.artnivo.com\/wp-content\/uploads\/2021\/05\/artnivokare.jpg","width":750,"height":750,"caption":"artnivo"},"image":{"@id":"https:\/\/www.artnivo.com\/#\/schema\/logo\/image\/"},"sameAs":["https:\/\/www.facebook.com\/artnivocom","https:\/\/x.com\/artnivocom","http:\/\/instagram.com\/artnivocom\/","https:\/\/www.pinterest.com\/artnivocom\/","https:\/\/www.youtube.com\/channel\/UC__bxk2hs4IZ4NiD1Bg4J9w"]}]}},"_links":{"self":[{"href":"https:\/\/www.artnivo.com\/en\/wp-json\/wp\/v2\/etheme_portfolio\/13838","targetHints":{"allow":["GET"]}}],"collection":[{"href":"https:\/\/www.artnivo.com\/en\/wp-json\/wp\/v2\/etheme_portfolio"}],"about":[{"href":"https:\/\/www.artnivo.com\/en\/wp-json\/wp\/v2\/types\/etheme_portfolio"}],"author":[{"embeddable":true,"href":"https:\/\/www.artnivo.com\/en\/wp-json\/wp\/v2\/users\/1"}],"version-history":[{"count":0,"href":"https:\/\/www.artnivo.com\/en\/wp-json\/wp\/v2\/etheme_portfolio\/13838\/revisions"}],"wp:attachment":[{"href":"https:\/\/www.artnivo.com\/en\/wp-json\/wp\/v2\/media?parent=13838"}],"wp:term":[{"taxonomy":"portfolio_category","embeddable":true,"href":"https:\/\/www.artnivo.com\/en\/wp-json\/wp\/v2\/etheme_portfolio_category?post=13838"}],"curies":[{"name":"wp","href":"https:\/\/api.w.org\/{rel}","templated":true}]}}